{"id":2707,"date":"2024-11-13T15:54:54","date_gmt":"2024-11-13T15:54:54","guid":{"rendered":"https:\/\/brightbeginningsprep.com\/programas\/"},"modified":"2025-09-21T21:02:04","modified_gmt":"2025-09-21T21:02:04","slug":"programas","status":"publish","type":"page","link":"https:\/\/brightbeginningsprep.com\/es\/programas\/","title":{"rendered":"Programas"},"content":{"rendered":"\t\t<div data-elementor-type=\"wp-page\" data-elementor-id=\"2707\" class=\"elementor elementor-2707 elementor-249\" data-elementor-post-type=\"page\">\n\t\t\t\t<div class=\"elementor-element elementor-element-9cd0764 e-flex e-con-boxed e-con e-parent\" data-id=\"9cd0764\" data-element_type=\"container\" data-e-type=\"container\" data-settings=\"{&quot;background_background&quot;:&quot;classic&quot;}\">\n\t\t\t\t\t<div class=\"e-con-inner\">\n\t\t\t\t<div class=\"elementor-element elementor-element-128a0f0 elementor-widget elementor-widget-heading\" data-id=\"128a0f0\" data-element_type=\"widget\" data-e-type=\"widget\" data-widget_type=\"heading.default\">\n\t\t\t\t<div class=\"elementor-widget-container\">\n\t\t\t\t\t<h1 class=\"elementor-heading-title elementor-size-default\">Programas Preescolares\n<\/h1>\t\t\t\t<\/div>\n\t\t\t\t<\/div>\n\t\t\t\t<div class=\"elementor-element elementor-element-277cff2 elementor-widget elementor-widget-text-editor\" data-id=\"277cff2\" data-element_type=\"widget\" data-e-type=\"widget\" data-widget_type=\"text-editor.default\">\n\t\t\t\t<div class=\"elementor-widget-container\">\n\t\t\t\t\t\t\t\t\t<p>Animamos a los padres interesados en nuestro centro a programar una visita privada a nuestras instalaciones. Para concertar una visita privada, llama y pregunta por la directora de nuestro centro, Sandi Almond, al 561-629-8005. Si ya has visitado nuestras instalaciones y est\u00e1s listo para imprimir y rellenar nuestro formulario de inscripci\u00f3n, haz clic aqu\u00ed.  <\/p>\t\t\t\t\t\t\t\t<\/div>\n\t\t\t\t<\/div>\n\t\t\t\t\t<\/div>\n\t\t\t\t<\/div>\n\t\t<div class=\"elementor-element elementor-element-d55fa30 e-flex e-con-boxed e-con e-parent\" data-id=\"d55fa30\" data-element_type=\"container\" data-e-type=\"container\" id=\"infants\">\n\t\t\t\t\t<div class=\"e-con-inner\">\n\t\t<div class=\"elementor-element elementor-element-c62908e e-con-full e-flex e-con e-child\" data-id=\"c62908e\" data-element_type=\"container\" data-e-type=\"container\">\n\t\t\t\t<div class=\"elementor-element elementor-element-7536aec elementor-widget elementor-widget-heading\" data-id=\"7536aec\" data-element_type=\"widget\" data-e-type=\"widget\" data-widget_type=\"heading.default\">\n\t\t\t\t<div class=\"elementor-widget-container\">\n\t\t\t\t\t<h2 class=\"elementor-heading-title elementor-size-default\">Beb\u00e9s<\/h2>\t\t\t\t<\/div>\n\t\t\t\t<\/div>\n\t\t\t\t<div class=\"elementor-element elementor-element-abc8e08 elementor-widget elementor-widget-heading\" data-id=\"abc8e08\" data-element_type=\"widget\" data-e-type=\"widget\" data-widget_type=\"heading.default\">\n\t\t\t\t<div class=\"elementor-widget-container\">\n\t\t\t\t\t<h4 class=\"elementor-heading-title elementor-size-default\">(De 6 semanas a 12 meses)<\/h4>\t\t\t\t<\/div>\n\t\t\t\t<\/div>\n\t\t\t\t<div class=\"elementor-element elementor-element-d4557ec elementor-widget elementor-widget-text-editor\" data-id=\"d4557ec\" data-element_type=\"widget\" data-e-type=\"widget\" data-widget_type=\"text-editor.default\">\n\t\t\t\t<div class=\"elementor-widget-container\">\n\t\t\t\t\t\t\t\t\tCreemos que los beb\u00e9s se desarrollan mejor mediante la interacci\u00f3n individual: contacto visual, hablar, cantar y acurrucarse. Bright Beginnings comprende la importancia de la educaci\u00f3n temprana y por eso somos uno de los pocos centros preescolares de esta zona que ofrece atenci\u00f3n infantil. \t\t\t\t\t\t\t\t<\/div>\n\t\t\t\t<\/div>\n\t\t\t\t<\/div>\n\t\t<div class=\"elementor-element elementor-element-416ad75 e-con-full e-flex e-con e-child\" data-id=\"416ad75\" data-element_type=\"container\" data-e-type=\"container\">\n\t\t\t\t<div class=\"elementor-element elementor-element-1e1ac86 elementor-widget elementor-widget-image\" data-id=\"1e1ac86\" data-element_type=\"widget\" data-e-type=\"widget\" data-widget_type=\"image.default\">\n\t\t\t\t<div class=\"elementor-widget-container\">\n\t\t\t\t\t\t\t\t\t\t\t\t\t\t\t<img fetchpriority=\"high\" decoding=\"async\" width=\"400\" height=\"254\" src=\"https:\/\/brightbeginningsprep.com\/wp-content\/uploads\/2024\/11\/infant-pic.png\" class=\"attachment-full size-full wp-image-2628\" alt=\"Infant daycare at Bright Beginnings Prep Academy in Greenacres, FL\" srcset=\"https:\/\/brightbeginningsprep.com\/wp-content\/uploads\/2024\/11\/infant-pic.png 400w, https:\/\/brightbeginningsprep.com\/wp-content\/uploads\/2024\/11\/infant-pic-300x191.png 300w\" sizes=\"(max-width: 400px) 100vw, 400px\" style=\"width:100%;height:63.5%;max-width:400px\" \/>\t\t\t\t\t\t\t\t\t\t\t\t\t\t\t<\/div>\n\t\t\t\t<\/div>\n\t\t\t\t<\/div>\n\t\t\t\t\t<\/div>\n\t\t\t\t<\/div>\n\t\t<div class=\"elementor-element elementor-element-5f6df1b e-flex e-con-boxed e-con e-parent\" data-id=\"5f6df1b\" data-element_type=\"container\" data-e-type=\"container\">\n\t\t\t\t\t<div class=\"e-con-inner\">\n\t\t<div class=\"elementor-element elementor-element-6ec28d6 e-con-full e-flex e-con e-child\" data-id=\"6ec28d6\" data-element_type=\"container\" data-e-type=\"container\">\n\t\t\t\t<div class=\"elementor-element elementor-element-982a1d2 elementor-widget elementor-widget-text-editor\" data-id=\"982a1d2\" data-element_type=\"widget\" data-e-type=\"widget\" data-widget_type=\"text-editor.default\">\n\t\t\t\t<div class=\"elementor-widget-container\">\n\t\t\t\t\t\t\t\t\t<p>Creemos que un beb\u00e9 necesita un lugar seguro donde la exploraci\u00f3n y el descubrimiento sean s\u00f3lo el principio de su viaje evolutivo. Nuestros profesores del grupo Angel Fish tienen formaci\u00f3n especial en cuidados infantiles y educaci\u00f3n temprana. Cantamos, leemos, abrazamos y estimulamos sus sentidos mediante el juego para desarrollar mentes y cuerpos fuertes. Nuestro programa hace hincapi\u00e9 en la importancia de las actividades y los juguetes adecuados a la edad para proporcionar un entorno saludable de aprendizaje temprano mediante el movimiento, la exploraci\u00f3n y la comunicaci\u00f3n.   <\/p>\t\t\t\t\t\t\t\t<\/div>\n\t\t\t\t<\/div>\n\t\t\t\t<\/div>\n\t\t\t\t\t<\/div>\n\t\t\t\t<\/div>\n\t\t<div class=\"elementor-element elementor-element-f361a21 e-flex e-con-boxed e-con e-parent\" data-id=\"f361a21\" data-element_type=\"container\" data-e-type=\"container\" id=\"toddlers\" data-settings=\"{&quot;background_background&quot;:&quot;classic&quot;}\">\n\t\t\t\t\t<div class=\"e-con-inner\">\n\t\t<div class=\"elementor-element elementor-element-992e5ee e-con-full e-flex e-con e-child\" data-id=\"992e5ee\" data-element_type=\"container\" data-e-type=\"container\">\n\t\t\t\t<div class=\"elementor-element elementor-element-69f41a0 elementor-widget elementor-widget-heading\" data-id=\"69f41a0\" data-element_type=\"widget\" data-e-type=\"widget\" data-widget_type=\"heading.default\">\n\t\t\t\t<div class=\"elementor-widget-container\">\n\t\t\t\t\t<h2 class=\"elementor-heading-title elementor-size-default\">Ni\u00f1os peque\u00f1os<\/h2>\t\t\t\t<\/div>\n\t\t\t\t<\/div>\n\t\t\t\t<div class=\"elementor-element elementor-element-9fe61c2 elementor-widget elementor-widget-heading\" data-id=\"9fe61c2\" data-element_type=\"widget\" data-e-type=\"widget\" data-widget_type=\"heading.default\">\n\t\t\t\t<div class=\"elementor-widget-container\">\n\t\t\t\t\t<h4 class=\"elementor-heading-title elementor-size-default\">(Edades de 12 a 36 meses)<\/h4>\t\t\t\t<\/div>\n\t\t\t\t<\/div>\n\t\t\t\t<div class=\"elementor-element elementor-element-d108444 elementor-widget elementor-widget-text-editor\" data-id=\"d108444\" data-element_type=\"widget\" data-e-type=\"widget\" data-widget_type=\"text-editor.default\">\n\t\t\t\t<div class=\"elementor-widget-container\">\n\t\t\t\t\t\t\t\t\t<p>Durante los tres primeros a\u00f1os de vida, los ni\u00f1os descubren muchas cosas importantes sobre s\u00ed mismos y sobre el mundo que les rodea: aprenden qui\u00e9nes son, c\u00f3mo se relacionan con las personas de su vida y c\u00f3mo les responde la gente. Durante este tiempo, sus cerebros se \u00abconectan\u00bb a patrones de desarrollo emocional, social, f\u00edsico y cognitivo. Al proporcionar un cuidado afectuoso y receptivo, nuestros profesores se aseguran de que los ni\u00f1os experimenten las interacciones positivas que necesitan para desarrollar un fuerte sentido de autonom\u00eda y confianza en s\u00ed mismos. Adem\u00e1s, nuestros programas fomentan el desarrollo de las habilidades sensoriales, motoras grandes y peque\u00f1as, cognitivas y ling\u00fc\u00edsticas proporcionando una variedad de est\u00edmulos y actividades cada d\u00eda.   <\/p>\t\t\t\t\t\t\t\t<\/div>\n\t\t\t\t<\/div>\n\t\t\t\t<\/div>\n\t\t<div class=\"elementor-element elementor-element-f6992d3 e-con-full e-flex e-con e-child\" data-id=\"f6992d3\" data-element_type=\"container\" data-e-type=\"container\">\n\t\t\t\t<div class=\"elementor-element elementor-element-363025a elementor-widget elementor-widget-image\" data-id=\"363025a\" data-element_type=\"widget\" data-e-type=\"widget\" data-widget_type=\"image.default\">\n\t\t\t\t<div class=\"elementor-widget-container\">\n\t\t\t\t\t\t\t\t\t\t\t\t\t\t\t<img decoding=\"async\" width=\"800\" height=\"533\" src=\"https:\/\/brightbeginningsprep.com\/wp-content\/uploads\/2024\/11\/image-18.jpg\" class=\"attachment-full size-full wp-image-2629\" alt=\"\" srcset=\"https:\/\/brightbeginningsprep.com\/wp-content\/uploads\/2024\/11\/image-18.jpg 800w, https:\/\/brightbeginningsprep.com\/wp-content\/uploads\/2024\/11\/image-18-300x200.jpg 300w, https:\/\/brightbeginningsprep.com\/wp-content\/uploads\/2024\/11\/image-18-768x512.jpg 768w\" sizes=\"(max-width: 800px) 100vw, 800px\" style=\"width:100%;height:66.63%;max-width:800px\" \/>\t\t\t\t\t\t\t\t\t\t\t\t\t\t\t<\/div>\n\t\t\t\t<\/div>\n\t\t\t\t<\/div>\n\t\t\t\t\t<\/div>\n\t\t\t\t<\/div>\n\t\t<div class=\"elementor-element elementor-element-bc77442 e-flex e-con-boxed e-con e-parent\" data-id=\"bc77442\" data-element_type=\"container\" data-e-type=\"container\" data-settings=\"{&quot;background_background&quot;:&quot;classic&quot;}\">\n\t\t\t\t\t<div class=\"e-con-inner\">\n\t\t<div class=\"elementor-element elementor-element-515157b e-con-full e-flex e-con e-child\" data-id=\"515157b\" data-element_type=\"container\" data-e-type=\"container\">\n\t\t\t\t<div class=\"elementor-element elementor-element-b1ec60b elementor-widget elementor-widget-text-editor\" data-id=\"b1ec60b\" data-element_type=\"widget\" data-e-type=\"widget\" data-widget_type=\"text-editor.default\">\n\t\t\t\t<div class=\"elementor-widget-container\">\n\t\t\t\t\t\t\t\t\tLas experiencias de los ni\u00f1os en clase incluyen escuchar m\u00fasica, trabajar con juguetes y materiales apropiados para su desarrollo, como bloques, juguetes nido, juguetes de tirar y empujar, manipulativos, puzzles y mu\u00f1ecas. Se fomenta el desarrollo de la motricidad gruesa utilizando estructuras interiores blandas para trepar, as\u00ed como jugando al aire libre en nuestros hermosos patios de recreo. Y lo que es m\u00e1s importante, las experiencias interactivas con los profesores a lo largo del d\u00eda incluyen cantar, hablar, leer libros, mecerse, jugar con los dedos, las marionetas y la comunicaci\u00f3n, el v\u00ednculo y el juego uno a uno. En Bright Beginnings, nuestros programas pr\u00e1cticos de guarder\u00eda moldean el cerebro, el comportamiento y la salud de tu hijo peque\u00f1o. Fomentamos su capacidad natural para explorar el mundo que les rodea, al tiempo que desarrollamos sus habilidades cognitivas, sociales y ling\u00fc\u00edsticas para prepararles para el aprendizaje preescolar. En nuestra sala de dos a\u00f1os introducimos a nuestros alumnos en nuestro programa Curr\u00edculum Creativo, que les anima a identificar letras, colores, formas, n\u00fameros y sonidos. Est\u00e1n aprendiendo a comunicar sus pensamientos y tienen muchas ganas de mostrar su independencia.      \t\t\t\t\t\t\t\t<\/div>\n\t\t\t\t<\/div>\n\t\t\t\t<\/div>\n\t\t\t\t\t<\/div>\n\t\t\t\t<\/div>\n\t\t<div class=\"elementor-element elementor-element-47a3b86 e-flex e-con-boxed e-con e-parent\" data-id=\"47a3b86\" data-element_type=\"container\" data-e-type=\"container\" id=\"pre-k\">\n\t\t\t\t\t<div class=\"e-con-inner\">\n\t\t<div class=\"elementor-element elementor-element-909eb47 e-con-full e-flex e-con e-child\" data-id=\"909eb47\" data-element_type=\"container\" data-e-type=\"container\">\n\t\t\t\t<div class=\"elementor-element elementor-element-e7f59c6 elementor-widget elementor-widget-heading\" data-id=\"e7f59c6\" data-element_type=\"widget\" data-e-type=\"widget\" data-widget_type=\"heading.default\">\n\t\t\t\t<div class=\"elementor-widget-container\">\n\t\t\t\t\t<h2 class=\"elementor-heading-title elementor-size-default\">Preescolar<\/h2>\t\t\t\t<\/div>\n\t\t\t\t<\/div>\n\t\t\t\t<div class=\"elementor-element elementor-element-c2a82d6 elementor-widget elementor-widget-heading\" data-id=\"c2a82d6\" data-element_type=\"widget\" data-e-type=\"widget\" data-widget_type=\"heading.default\">\n\t\t\t\t<div class=\"elementor-widget-container\">\n\t\t\t\t\t<h4 class=\"elementor-heading-title elementor-size-default\">(3 a\u00f1os - 5 a\u00f1os)<\/h4>\t\t\t\t<\/div>\n\t\t\t\t<\/div>\n\t\t\t\t<div class=\"elementor-element elementor-element-2cbdc61 elementor-widget elementor-widget-text-editor\" data-id=\"2cbdc61\" data-element_type=\"widget\" data-e-type=\"widget\" data-widget_type=\"text-editor.default\">\n\t\t\t\t<div class=\"elementor-widget-container\">\n\t\t\t\t\t\t\t\t\tDe los 36 a los 60 meses de edad, los ni\u00f1os experimentan un crecimiento significativo en cuatro \u00e1reas generales de desarrollo: social\/emocional; f\u00edsico; cognitivo y ling\u00fc\u00edstico. Basado en el Curr\u00edculo Creativo para Preescolar desarrollado por Teaching Strategies, Inc. de Washington, DC, nuestro programa preescolar est\u00e1 dise\u00f1ado para abordar todas estas importantes \u00e1reas de desarrollo. Esta es una de las razones principales por las que nuestro programa se centra en \u00abtodo el ni\u00f1o\u00bb.En lugar de limitar el tiempo del programa a desarrollar s\u00f3lo las habilidades cognitivas y ling\u00fc\u00edsticas, por ejemplo, se dedica el mismo tiempo a actividades que fomentan el desarrollo social, emocional y f\u00edsico.Nuestro plan de estudios preescolar incorpora una cuidadosa combinaci\u00f3n de actividades a lo largo del d\u00eda con una metodolog\u00eda de aprendizaje a trav\u00e9s del juego.  \t\t\t\t\t\t\t\t<\/div>\n\t\t\t\t<\/div>\n\t\t\t\t<div class=\"elementor-element elementor-element-5cf7b99 elementor-widget elementor-widget-text-editor\" data-id=\"5cf7b99\" data-element_type=\"widget\" data-e-type=\"widget\" data-widget_type=\"text-editor.default\">\n\t\t\t\t<div class=\"elementor-widget-container\">\n\t\t\t\t\t\t\t\t\tUn rasgo distintivo de la transici\u00f3n de los 2 a los 3 a\u00f1os es el descubrimiento del mundo de los iguales. A los ni\u00f1os de tres a\u00f1os les encanta estar con los dem\u00e1s a esta edad, y les damos mucho tiempo para el juego no estructurado e imaginativo, \u00a1que les ayuda a desarrollar las habilidades ling\u00fc\u00edsticas! Esta es la edad en que los libros son fundamentales. Empiezan a comprender que las palabras siguen siendo las mismas cada vez que se leen. Adem\u00e1s, al final de este a\u00f1o, muchos ni\u00f1os de tres a\u00f1os son capaces de distinguir los sonidos al principio de una palabra y de reconocer las rimas, que son habilidades fundamentales para el \u00e9xito en la lectura. La mayor\u00eda de los ni\u00f1os de esta edad pueden contar al menos hasta 10, si no mucho m\u00e1s. El objetivo de este a\u00f1o es ayudarles a utilizar los n\u00fameros en la vida cotidiana, como contar cuatro cucharas para los cuatro amigos de su mesa. Al final del a\u00f1o, los ni\u00f1os de tres a\u00f1os deber\u00edan ser capaces de sacar&#8230; y guardar. En nuestra aula, las cosas est\u00e1n organizadas de forma que los alumnos puedan servirse de lo que necesitan para empezar un juego o terminar un proyecto, para fomentar su independencia. \u00a1Nuestros ni\u00f1os de 3 a\u00f1os aprender\u00e1n las habilidades necesarias para pasar a prepararse para el jard\u00edn de infancia!         \t\t\t\t\t\t\t\t<\/div>\n\t\t\t\t<\/div>\n\t\t\t\t<\/div>\n\t\t<div class=\"elementor-element elementor-element-e3c053e e-con-full e-flex e-con e-child\" data-id=\"e3c053e\" data-element_type=\"container\" data-e-type=\"container\">\n\t\t\t\t<div class=\"elementor-element elementor-element-67c0697 elementor-widget elementor-widget-image\" data-id=\"67c0697\" data-element_type=\"widget\" data-e-type=\"widget\" data-widget_type=\"image.default\">\n\t\t\t\t<div class=\"elementor-widget-container\">\n\t\t\t\t\t\t\t\t\t\t\t\t\t\t\t<img decoding=\"async\" width=\"250\" height=\"374\" src=\"https:\/\/brightbeginningsprep.com\/wp-content\/uploads\/2024\/11\/prek-pic.webp\" class=\"attachment-full size-full wp-image-2634\" alt=\"\" srcset=\"https:\/\/brightbeginningsprep.com\/wp-content\/uploads\/2024\/11\/prek-pic.webp 250w, https:\/\/brightbeginningsprep.com\/wp-content\/uploads\/2024\/11\/prek-pic-201x300.webp 201w\" sizes=\"(max-width: 250px) 100vw, 250px\" style=\"width:100%;height:149.6%;max-width:250px\" \/>\t\t\t\t\t\t\t\t\t\t\t\t\t\t\t<\/div>\n\t\t\t\t<\/div>\n\t\t\t\t<\/div>\n\t\t\t\t\t<\/div>\n\t\t\t\t<\/div>\n\t\t<div class=\"elementor-element elementor-element-d5b7c2c e-flex e-con-boxed e-con e-parent\" data-id=\"d5b7c2c\" data-element_type=\"container\" data-e-type=\"container\">\n\t\t\t\t\t<div class=\"e-con-inner\">\n\t\t<div class=\"elementor-element elementor-element-cc4f69d e-con-full e-flex e-con e-child\" data-id=\"cc4f69d\" data-element_type=\"container\" data-e-type=\"container\">\n\t\t\t\t<div class=\"elementor-element elementor-element-54bab09 elementor-widget elementor-widget-text-editor\" data-id=\"54bab09\" data-element_type=\"widget\" data-e-type=\"widget\" data-widget_type=\"text-editor.default\">\n\t\t\t\t<div class=\"elementor-widget-container\">\n\t\t\t\t\t\t\t\t\tEl jard\u00edn de infancia ya no es lo que era&#8230; algunos educadores dicen que se parece m\u00e1s a lo que era el primer curso hace una generaci\u00f3n o m\u00e1s. Porque comprendemos la importancia de la PREPARACI\u00d3N PARA EL KINDERGARTEN, nuestros profesores de preescolar ponen especial cuidado en ayudar a los ni\u00f1os a desarrollar las habilidades necesarias para una transici\u00f3n satisfactoria al jard\u00edn de infancia. En la medida de lo posible, se fomenta el desarrollo de dichas habilidades mediante el uso creativo de la lectura temprana, la escritura, el conteo, las responsabilidades en clase y el comportamiento social adecuado a lo largo de las actividades en las que los ni\u00f1os se relacionan cada d\u00eda. Nuestro programa para ni\u00f1os de cuatro a\u00f1os est\u00e1 dise\u00f1ado para hacer crecer la inteligencia, el desarrollo f\u00edsico y social de tu hijo y prepararlo para que sienta amor por la escuela durante toda su vida.   \t\t\t\t\t\t\t\t<\/div>\n\t\t\t\t<\/div>\n\t\t\t\t<div class=\"elementor-element elementor-element-4264283 elementor-widget elementor-widget-text-editor\" data-id=\"4264283\" data-element_type=\"widget\" data-e-type=\"widget\" data-widget_type=\"text-editor.default\">\n\t\t\t\t<div class=\"elementor-widget-container\">\n\t\t\t\t\t\t\t\t\tVPK son las siglas en ingl\u00e9s de Preescolar Voluntario, y es un programa educativo financiado por el Departamento de Educaci\u00f3n de Florida. El estado de Florida garantiza un a\u00f1o de educaci\u00f3n preescolar gratuito a todos los ni\u00f1os que tengan 4 a\u00f1os cumplidos el 1 de septiembre.  El objetivo del programa educativo VPK es conseguir que todos los ni\u00f1os est\u00e9n preparados para aprender cuando entren en el jard\u00edn de infancia. Varios centros preescolares de la zona est\u00e1n certificados para ofrecer programas VPK gratuitos, \u00a1pero hay enormes diferencias de calidad! Nuestro centro ofrece un fant\u00e1stico entorno de aprendizaje, con biblioteca, sala de ordenadores, numerosas actividades de aprendizaje planificadas y profesores muy formados y atentos. \u00a1Somos tu mejor opci\u00f3n para proporcionar a tu hijo las habilidades necesarias para entrar en el jard\u00edn de infancia!\t\t\t\t\t\t\t\t<\/div>\n\t\t\t\t<\/div>\n\t\t\t\t<\/div>\n\t\t\t\t\t<\/div>\n\t\t\t\t<\/div>\n\t\t<div class=\"elementor-element elementor-element-300dc76 e-flex e-con-boxed e-con e-parent\" data-id=\"300dc76\" data-element_type=\"container\" data-e-type=\"container\" id=\"aftercare\" data-settings=\"{&quot;background_background&quot;:&quot;classic&quot;}\">\n\t\t\t\t\t<div class=\"e-con-inner\">\n\t\t<div class=\"elementor-element elementor-element-426e6cf e-con-full e-flex e-con e-child\" data-id=\"426e6cf\" data-element_type=\"container\" data-e-type=\"container\">\n\t\t\t\t<div class=\"elementor-element elementor-element-80757fe elementor-widget elementor-widget-heading\" data-id=\"80757fe\" data-element_type=\"widget\" data-e-type=\"widget\" data-widget_type=\"heading.default\">\n\t\t\t\t<div class=\"elementor-widget-container\">\n\t\t\t\t\t<h2 class=\"elementor-heading-title elementor-size-default\">Cuidado posterior y campamentos<\/h2>\t\t\t\t<\/div>\n\t\t\t\t<\/div>\n\t\t\t\t<div class=\"elementor-element elementor-element-644f4ff elementor-widget elementor-widget-text-editor\" data-id=\"644f4ff\" data-element_type=\"widget\" data-e-type=\"widget\" data-widget_type=\"text-editor.default\">\n\t\t\t\t<div class=\"elementor-widget-container\">\n\t\t\t\t\t\t\t\t\t<p>\u00a1Tenemos un gran programa e instalaciones para los estudiantes que necesitan un programa de cuidado antes y despu\u00e9s! \u00a1Ofrecemos:<br>Deberes asistidos por un profesor<br>Artes y manualidades divertidas<br>Zona de juegos y sala de ordenadores<br>Actividades de enriquecimiento y mucho m\u00e1s<br>Se proporciona transporte en autob\u00fas<br>Inscr\u00edbete hoy para asegurar tu plaza en el mejor programa para antes Y despu\u00e9s de clase<br>que existe! Para inscribirte en la asistencia posterior, haz clic aqu\u00ed.<\/p>\t\t\t\t\t\t\t\t<\/div>\n\t\t\t\t<\/div>\n\t\t\t\t<\/div>\n\t\t<div class=\"elementor-element elementor-element-3fbf0c8 e-con-full e-flex e-con e-child\" data-id=\"3fbf0c8\" data-element_type=\"container\" data-e-type=\"container\">\n\t\t\t\t<div class=\"elementor-element elementor-element-fe51e94 elementor-widget elementor-widget-image\" data-id=\"fe51e94\" data-element_type=\"widget\" data-e-type=\"widget\" data-widget_type=\"image.default\">\n\t\t\t\t<div class=\"elementor-widget-container\">\n\t\t\t\t\t\t\t\t\t\t\t\t\t\t\t<img loading=\"lazy\" decoding=\"async\" width=\"450\" height=\"325\" src=\"https:\/\/brightbeginningsprep.com\/wp-content\/uploads\/2024\/11\/camp-pic.jpg\" class=\"attachment-large size-large wp-image-2631\" alt=\"\" srcset=\"https:\/\/brightbeginningsprep.com\/wp-content\/uploads\/2024\/11\/camp-pic.jpg 450w, https:\/\/brightbeginningsprep.com\/wp-content\/uploads\/2024\/11\/camp-pic-300x217.jpg 300w\" sizes=\"(max-width: 450px) 100vw, 450px\" style=\"width:100%;height:72.22%;max-width:450px\" \/>\t\t\t\t\t\t\t\t\t\t\t\t\t\t\t<\/div>\n\t\t\t\t<\/div>\n\t\t\t\t<\/div>\n\t\t\t\t\t<\/div>\n\t\t\t\t<\/div>\n\t\t<div class=\"elementor-element elementor-element-385cb05 e-flex e-con-boxed e-con e-parent\" data-id=\"385cb05\" data-element_type=\"container\" data-e-type=\"container\" data-settings=\"{&quot;background_background&quot;:&quot;classic&quot;}\">\n\t\t\t\t\t<div class=\"e-con-inner\">\n\t\t<div class=\"elementor-element elementor-element-0fd5fd0 e-con-full e-flex e-con e-child\" data-id=\"0fd5fd0\" data-element_type=\"container\" data-e-type=\"container\">\n\t\t\t\t<div class=\"elementor-element elementor-element-bf5ab51 elementor-widget elementor-widget-text-editor\" data-id=\"bf5ab51\" data-element_type=\"widget\" data-e-type=\"widget\" data-widget_type=\"text-editor.default\">\n\t\t\t\t<div class=\"elementor-widget-container\">\n\t\t\t\t\t\t\t\t\tOfrecemos vacaciones de invierno, vacaciones de primavera y campamentos de verano. Nuestros campamentos ofrecen divertidas actividades en el interior y al aire libre, manualidades, inform\u00e1tica, juegos y \u00a1mucho m\u00e1s! Nuestros campistas m\u00e1s j\u00f3venes permanecen en el campus, en nuestras instalaciones seguras, para disfrutar de muchas actividades divertidas. Nuestros campistas de 5 a 12 a\u00f1os tambi\u00e9n disfrutan de divertidas excursiones fuera del campus, como bolos, patinaje y mucho m\u00e1s. Hay descuentos para varias semanas y para hermanos. Llama al centro para obtener m\u00e1s informaci\u00f3n. Para inscribirte en un campamento de verano semanal o de vacaciones, llama al 561-629-8005.\t\t\t\t\t\t\t\t<\/div>\n\t\t\t\t<\/div>\n\t\t\t\t<\/div>\n\t\t\t\t\t<\/div>\n\t\t\t\t<\/div>\n\t\t\t\t<\/div>\n\t\t","protected":false},"excerpt":{"rendered":"<p>Programas Preescolares Animamos a los padres interesados en nuestro centro a programar una visita privada a nuestras instalaciones. Para concertar una visita privada, llama y pregunta por la directora de nuestro centro, Sandi Almond, al 561-629-8005. Si ya has visitado nuestras instalaciones y est\u00e1s listo para imprimir y rellenar nuestro formulario de inscripci\u00f3n, haz clic&hellip; <a class=\"more-link\" href=\"https:\/\/brightbeginningsprep.com\/es\/programas\/\">Seguir leyendo <span class=\"screen-reader-text\">Programas<\/span><\/a><\/p>\n","protected":false},"author":2,"featured_media":0,"parent":0,"menu_order":0,"comment_status":"closed","ping_status":"closed","template":"elementor_header_footer","meta":{"_monsterinsights_skip_tracking":false,"_monsterinsights_sitenote_active":false,"_monsterinsights_sitenote_note":"","_monsterinsights_sitenote_category":0,"footnotes":""},"class_list":["post-2707","page","type-page","status-publish","hentry","entry"],"yoast_head":"<!-- This site is optimized with the Yoast SEO plugin v25.3.1 - https:\/\/yoast.com\/wordpress\/plugins\/seo\/ -->\n<title>Programas de Guarder\u00eda, Preescolar y VPK | Greenacres FL<\/title>\n<meta name=\"description\" content=\"Descubra programas de Bright Beginnings en Greenacres: cuidado de beb\u00e9s, preescolar, VPK y actividades extracurriculares.\" \/>\n<meta name=\"robots\" content=\"index, follow, max-snippet:-1, max-image-preview:large, max-video-preview:-1\" \/>\n<link rel=\"canonical\" href=\"https:\/\/brightbeginningsprep.com\/es\/programas\/\" \/>\n<meta property=\"og:locale\" content=\"es_ES\" \/>\n<meta property=\"og:type\" content=\"article\" \/>\n<meta property=\"og:title\" content=\"Programas de Guarder\u00eda, Preescolar y VPK | Greenacres FL\" \/>\n<meta property=\"og:description\" content=\"Descubra programas de Bright Beginnings en Greenacres: cuidado de beb\u00e9s, preescolar, VPK y actividades extracurriculares.\" \/>\n<meta property=\"og:url\" content=\"https:\/\/brightbeginningsprep.com\/es\/programas\/\" \/>\n<meta property=\"og:site_name\" content=\"Academia de Preparaci\u00f3n Bright Beginnings\" \/>\n<meta property=\"article:publisher\" content=\"https:\/\/www.facebook.com\/BrightBeginningsPrep\" \/>\n<meta property=\"article:modified_time\" content=\"2025-09-21T21:02:04+00:00\" \/>\n<meta property=\"og:image\" content=\"https:\/\/brightbeginningsprep.com\/wp-content\/uploads\/2024\/11\/infant-pic.png\" \/>\n<meta name=\"twitter:card\" content=\"summary_large_image\" \/>\n<meta name=\"twitter:site\" content=\"@brightprep\" \/>\n<meta name=\"twitter:label1\" content=\"Tiempo de lectura\" \/>\n\t<meta name=\"twitter:data1\" content=\"7 minutos\" \/>\n<script type=\"application\/ld+json\" class=\"yoast-schema-graph\">{\"@context\":\"https:\/\/schema.org\",\"@graph\":[{\"@type\":\"WebPage\",\"@id\":\"https:\/\/brightbeginningsprep.com\/es\/programas\/\",\"url\":\"https:\/\/brightbeginningsprep.com\/es\/programas\/\",\"name\":\"Programas de Guarder\u00eda, Preescolar y VPK | Greenacres FL\",\"isPartOf\":{\"@id\":\"https:\/\/brightbeginningsprep.com\/es\/#website\"},\"primaryImageOfPage\":{\"@id\":\"https:\/\/brightbeginningsprep.com\/es\/programas\/#primaryimage\"},\"image\":{\"@id\":\"https:\/\/brightbeginningsprep.com\/es\/programas\/#primaryimage\"},\"thumbnailUrl\":\"https:\/\/brightbeginningsprep.com\/wp-content\/uploads\/2024\/11\/infant-pic.png\",\"datePublished\":\"2024-11-13T15:54:54+00:00\",\"dateModified\":\"2025-09-21T21:02:04+00:00\",\"description\":\"Descubra programas de Bright Beginnings en Greenacres: cuidado de beb\u00e9s, preescolar, VPK y actividades extracurriculares.\",\"breadcrumb\":{\"@id\":\"https:\/\/brightbeginningsprep.com\/es\/programas\/#breadcrumb\"},\"inLanguage\":\"es\",\"potentialAction\":[{\"@type\":\"ReadAction\",\"target\":[\"https:\/\/brightbeginningsprep.com\/es\/programas\/\"]}]},{\"@type\":\"ImageObject\",\"inLanguage\":\"es\",\"@id\":\"https:\/\/brightbeginningsprep.com\/es\/programas\/#primaryimage\",\"url\":\"https:\/\/brightbeginningsprep.com\/wp-content\/uploads\/2024\/11\/infant-pic.png\",\"contentUrl\":\"https:\/\/brightbeginningsprep.com\/wp-content\/uploads\/2024\/11\/infant-pic.png\"},{\"@type\":\"BreadcrumbList\",\"@id\":\"https:\/\/brightbeginningsprep.com\/es\/programas\/#breadcrumb\",\"itemListElement\":[{\"@type\":\"ListItem\",\"position\":1,\"name\":\"Inicio\",\"item\":\"https:\/\/brightbeginningsprep.com\/es\/guarderia-en-greenacres-fl\/\"},{\"@type\":\"ListItem\",\"position\":2,\"name\":\"Programas\"}]},{\"@type\":\"WebSite\",\"@id\":\"https:\/\/brightbeginningsprep.com\/es\/#website\",\"url\":\"https:\/\/brightbeginningsprep.com\/es\/\",\"name\":\"Bright Beginnings Prep Academy\",\"description\":\"Guarder\u00eda y Preescolar en Greenacres FL\",\"publisher\":{\"@id\":\"https:\/\/brightbeginningsprep.com\/es\/#organization\"},\"potentialAction\":[{\"@type\":\"SearchAction\",\"target\":{\"@type\":\"EntryPoint\",\"urlTemplate\":\"https:\/\/brightbeginningsprep.com\/es\/?s={search_term_string}\"},\"query-input\":{\"@type\":\"PropertyValueSpecification\",\"valueRequired\":true,\"valueName\":\"search_term_string\"}}],\"inLanguage\":\"es\"},{\"@type\":\"Organization\",\"@id\":\"https:\/\/brightbeginningsprep.com\/es\/#organization\",\"name\":\"Academia de Preparaci\u00f3n Bright Beginnings\",\"url\":\"https:\/\/brightbeginningsprep.com\/es\/\",\"logo\":{\"@type\":\"ImageObject\",\"inLanguage\":\"es\",\"@id\":\"https:\/\/brightbeginningsprep.com\/es\/#\/schema\/logo\/image\/\",\"url\":\"https:\/\/brightbeginningsprep.com\/wp-content\/uploads\/2024\/11\/logo.png\",\"contentUrl\":\"https:\/\/brightbeginningsprep.com\/wp-content\/uploads\/2024\/11\/logo.png\",\"width\":237,\"height\":171,\"caption\":\"Academia de Preparaci\u00f3n Bright Beginnings\"},\"image\":{\"@id\":\"https:\/\/brightbeginningsprep.com\/es\/#\/schema\/logo\/image\/\"},\"sameAs\":[\"https:\/\/www.facebook.com\/BrightBeginningsPrep\",\"https:\/\/x.com\/brightprep\"]}]}<\/script>\n<!-- \/ Yoast SEO plugin. -->","yoast_head_json":{"title":"Programas de Guarder\u00eda, Preescolar y VPK | Greenacres FL","description":"Descubra programas de Bright Beginnings en Greenacres: cuidado de beb\u00e9s, preescolar, VPK y actividades extracurriculares.","robots":{"index":"index","follow":"follow","max-snippet":"max-snippet:-1","max-image-preview":"max-image-preview:large","max-video-preview":"max-video-preview:-1"},"canonical":"https:\/\/brightbeginningsprep.com\/es\/programas\/","og_locale":"es_ES","og_type":"article","og_title":"Programas de Guarder\u00eda, Preescolar y VPK | Greenacres FL","og_description":"Descubra programas de Bright Beginnings en Greenacres: cuidado de beb\u00e9s, preescolar, VPK y actividades extracurriculares.","og_url":"https:\/\/brightbeginningsprep.com\/es\/programas\/","og_site_name":"Academia de Preparaci\u00f3n Bright Beginnings","article_publisher":"https:\/\/www.facebook.com\/BrightBeginningsPrep","article_modified_time":"2025-09-21T21:02:04+00:00","og_image":[{"url":"https:\/\/brightbeginningsprep.com\/wp-content\/uploads\/2024\/11\/infant-pic.png","type":"","width":"","height":""}],"twitter_card":"summary_large_image","twitter_site":"@brightprep","twitter_misc":{"Tiempo de lectura":"7 minutos"},"schema":{"@context":"https:\/\/schema.org","@graph":[{"@type":"WebPage","@id":"https:\/\/brightbeginningsprep.com\/es\/programas\/","url":"https:\/\/brightbeginningsprep.com\/es\/programas\/","name":"Programas de Guarder\u00eda, Preescolar y VPK | Greenacres FL","isPartOf":{"@id":"https:\/\/brightbeginningsprep.com\/es\/#website"},"primaryImageOfPage":{"@id":"https:\/\/brightbeginningsprep.com\/es\/programas\/#primaryimage"},"image":{"@id":"https:\/\/brightbeginningsprep.com\/es\/programas\/#primaryimage"},"thumbnailUrl":"https:\/\/brightbeginningsprep.com\/wp-content\/uploads\/2024\/11\/infant-pic.png","datePublished":"2024-11-13T15:54:54+00:00","dateModified":"2025-09-21T21:02:04+00:00","description":"Descubra programas de Bright Beginnings en Greenacres: cuidado de beb\u00e9s, preescolar, VPK y actividades extracurriculares.","breadcrumb":{"@id":"https:\/\/brightbeginningsprep.com\/es\/programas\/#breadcrumb"},"inLanguage":"es","potentialAction":[{"@type":"ReadAction","target":["https:\/\/brightbeginningsprep.com\/es\/programas\/"]}]},{"@type":"ImageObject","inLanguage":"es","@id":"https:\/\/brightbeginningsprep.com\/es\/programas\/#primaryimage","url":"https:\/\/brightbeginningsprep.com\/wp-content\/uploads\/2024\/11\/infant-pic.png","contentUrl":"https:\/\/brightbeginningsprep.com\/wp-content\/uploads\/2024\/11\/infant-pic.png"},{"@type":"BreadcrumbList","@id":"https:\/\/brightbeginningsprep.com\/es\/programas\/#breadcrumb","itemListElement":[{"@type":"ListItem","position":1,"name":"Inicio","item":"https:\/\/brightbeginningsprep.com\/es\/guarderia-en-greenacres-fl\/"},{"@type":"ListItem","position":2,"name":"Programas"}]},{"@type":"WebSite","@id":"https:\/\/brightbeginningsprep.com\/es\/#website","url":"https:\/\/brightbeginningsprep.com\/es\/","name":"Bright Beginnings Prep Academy","description":"Guarder\u00eda y Preescolar en Greenacres FL","publisher":{"@id":"https:\/\/brightbeginningsprep.com\/es\/#organization"},"potentialAction":[{"@type":"SearchAction","target":{"@type":"EntryPoint","urlTemplate":"https:\/\/brightbeginningsprep.com\/es\/?s={search_term_string}"},"query-input":{"@type":"PropertyValueSpecification","valueRequired":true,"valueName":"search_term_string"}}],"inLanguage":"es"},{"@type":"Organization","@id":"https:\/\/brightbeginningsprep.com\/es\/#organization","name":"Academia de Preparaci\u00f3n Bright Beginnings","url":"https:\/\/brightbeginningsprep.com\/es\/","logo":{"@type":"ImageObject","inLanguage":"es","@id":"https:\/\/brightbeginningsprep.com\/es\/#\/schema\/logo\/image\/","url":"https:\/\/brightbeginningsprep.com\/wp-content\/uploads\/2024\/11\/logo.png","contentUrl":"https:\/\/brightbeginningsprep.com\/wp-content\/uploads\/2024\/11\/logo.png","width":237,"height":171,"caption":"Academia de Preparaci\u00f3n Bright Beginnings"},"image":{"@id":"https:\/\/brightbeginningsprep.com\/es\/#\/schema\/logo\/image\/"},"sameAs":["https:\/\/www.facebook.com\/BrightBeginningsPrep","https:\/\/x.com\/brightprep"]}]}},"_links":{"self":[{"href":"https:\/\/brightbeginningsprep.com\/es\/wp-json\/wp\/v2\/pages\/2707","targetHints":{"allow":["GET"]}}],"collection":[{"href":"https:\/\/brightbeginningsprep.com\/es\/wp-json\/wp\/v2\/pages"}],"about":[{"href":"https:\/\/brightbeginningsprep.com\/es\/wp-json\/wp\/v2\/types\/page"}],"author":[{"embeddable":true,"href":"https:\/\/brightbeginningsprep.com\/es\/wp-json\/wp\/v2\/users\/2"}],"replies":[{"embeddable":true,"href":"https:\/\/brightbeginningsprep.com\/es\/wp-json\/wp\/v2\/comments?post=2707"}],"version-history":[{"count":4,"href":"https:\/\/brightbeginningsprep.com\/es\/wp-json\/wp\/v2\/pages\/2707\/revisions"}],"predecessor-version":[{"id":2747,"href":"https:\/\/brightbeginningsprep.com\/es\/wp-json\/wp\/v2\/pages\/2707\/revisions\/2747"}],"wp:attachment":[{"href":"https:\/\/brightbeginningsprep.com\/es\/wp-json\/wp\/v2\/media?parent=2707"}],"curies":[{"name":"wp","href":"https:\/\/api.w.org\/{rel}","templated":true}]}}